{"id":13276,"date":"2018-02-13T10:30:41","date_gmt":"2018-02-13T09:30:41","guid":{"rendered":"http:\/\/marcottestyle.com\/interior-design-2\/"},"modified":"2024-09-28T13:21:39","modified_gmt":"2024-09-28T11:21:39","slug":"design-interieur","status":"publish","type":"page","link":"https:\/\/marcottestyle.com\/de\/design-interieur\/","title":{"rendered":"Innenarchitektur"},"content":{"rendered":"\t\t<div data-elementor-type=\"wp-page\" data-elementor-id=\"13276\" class=\"elementor elementor-13276 elementor-5415\" data-elementor-settings=\"{&quot;ha_cmc_init_switcher&quot;:&quot;no&quot;}\" data-elementor-post-type=\"page\">\n\t\t\t\t<div class=\"elementor-element elementor-element-bb2021b e-flex e-con-boxed e-con e-parent\" data-id=\"bb2021b\" data-element_type=\"container\" data-e-type=\"container\" data-settings=\"{&quot;_ha_eqh_enable&quot;:false}\">\n\t\t\t\t\t<div class=\"e-con-inner\">\n\t\t\t\t\t<\/div>\n\t\t\t\t<\/div>\n\t\t<div class=\"elementor-element elementor-element-5b8ddbf e-flex e-con-boxed e-con e-parent\" data-id=\"5b8ddbf\" data-element_type=\"container\" data-e-type=\"container\" data-settings=\"{&quot;_ha_eqh_enable&quot;:false}\">\n\t\t\t\t\t<div class=\"e-con-inner\">\n\t\t\t\t<div class=\"elementor-element elementor-element-2f4d72d elementor-widget elementor-widget-spacer\" data-id=\"2f4d72d\" data-element_type=\"widget\" data-e-type=\"widget\" data-widget_type=\"spacer.default\">\n\t\t\t\t<div class=\"elementor-widget-container\">\n\t\t\t\t\t\t\t<div class=\"elementor-spacer\">\n\t\t\t<div class=\"elementor-spacer-inner\"><\/div>\n\t\t<\/div>\n\t\t\t\t\t\t<\/div>\n\t\t\t\t<\/div>\n\t\t\t\t\t<\/div>\n\t\t\t\t<\/div>\n\t\t<div class=\"elementor-element elementor-element-2238dda e-flex e-con-boxed e-con e-parent\" data-id=\"2238dda\" data-element_type=\"container\" data-e-type=\"container\" data-settings=\"{&quot;_ha_eqh_enable&quot;:false}\">\n\t\t\t\t\t<div class=\"e-con-inner\">\n\t\t\t\t<div class=\"elementor-element elementor-element-8e6a1c5 elementor-widget elementor-widget-text-editor\" data-id=\"8e6a1c5\" data-element_type=\"widget\" data-e-type=\"widget\" data-widget_type=\"text-editor.default\">\n\t\t\t\t<div class=\"elementor-widget-container\">\n\t\t\t\t\t\t\t\t\t<p>Sind Sie auf der Suche nach einer neuen Inneneinrichtung f\u00fcr Ihr Zuhause?<br \/>\nW\u00e4hlen Sie die Qualit\u00e4t von <span style=\"text-decoration: underline;\"><span style=\"color: #96825b;\"><a style=\"color: #96825b; text-decoration: underline;\" title=\"Design-Innenausstattung\" href=\"https:\/\/marcottestyle.com\/de\/design-interieur\/\">Innenarchitektur<\/a><\/span><\/span> von Marcotte Style.<br \/>\nEine Inneneinrichtung von Marcotte Style bietet wunderbare L\u00f6sungen f\u00fcr wirklich jede Art von Wohnung.<br \/>\nDabei steht die Schaffung und Aufrechterhaltung der Einheit im Haus immer an erster Stelle.<br \/>\nAlso keine getrennten <span style=\"text-decoration: underline;\"><span style=\"color: #96825b;\"><a style=\"color: #96825b; text-decoration: underline;\" title=\"Zimmer\" href=\"https:\/\/marcottestyle.com\/de\/raume\/\">R\u00e4ume<\/a><\/span><\/span> in Ihrer Wohnung, die nicht zusammenpassen, sondern ein Gesamtdesign, das jedem Raum den gleichen Look verleiht.<br \/>\nUnd ob es nun l\u00e4ndlich oder modern sein soll: Mit unseren Spezialisten ist jede Inneneinrichtung m\u00f6glich.     <\/p>\n\t\t\t\t\t\t\t\t<\/div>\n\t\t\t\t<\/div>\n\t\t\t\t\t<\/div>\n\t\t\t\t<\/div>\n\t\t<div class=\"elementor-element elementor-element-1aaa2ee e-flex e-con-boxed e-con e-parent\" data-id=\"1aaa2ee\" data-element_type=\"container\" data-e-type=\"container\" data-settings=\"{&quot;_ha_eqh_enable&quot;:false}\">\n\t\t\t\t\t<div class=\"e-con-inner\">\n\t\t\t\t<div class=\"elementor-element elementor-element-3926f18 elementor-widget elementor-widget-instant-advanced-gallery\" data-id=\"3926f18\" data-element_type=\"widget\" data-e-type=\"widget\" data-settings=\"{&quot;item_per_row&quot;:4,&quot;hover_effect&quot;:&quot;zoomCrossLine&quot;,&quot;gallery_layout&quot;:&quot;grid&quot;,&quot;display_type&quot;:&quot;fadeInToTop&quot;,&quot;display_speed&quot;:{&quot;unit&quot;:&quot;px&quot;,&quot;size&quot;:0.8,&quot;sizes&quot;:[]},&quot;load_more&quot;:&quot;none&quot;,&quot;item_per_row_tablet&quot;:2,&quot;item_per_row_mobile&quot;:1,&quot;height&quot;:{&quot;unit&quot;:&quot;px&quot;,&quot;size&quot;:300,&quot;sizes&quot;:[]},&quot;height_tablet&quot;:{&quot;unit&quot;:&quot;px&quot;,&quot;size&quot;:&quot;&quot;,&quot;sizes&quot;:[]},&quot;height_mobile&quot;:{&quot;unit&quot;:&quot;px&quot;,&quot;size&quot;:&quot;&quot;,&quot;sizes&quot;:[]},&quot;margin&quot;:{&quot;unit&quot;:&quot;px&quot;,&quot;size&quot;:15,&quot;sizes&quot;:[]},&quot;margin_tablet&quot;:{&quot;unit&quot;:&quot;px&quot;,&quot;size&quot;:15,&quot;sizes&quot;:[]},&quot;margin_mobile&quot;:{&quot;unit&quot;:&quot;px&quot;,&quot;size&quot;:15,&quot;sizes&quot;:[]}}\" data-widget_type=\"instant-advanced-gallery.default\">\n\t\t\t\t<div class=\"elementor-widget-container\">\n\t\t\t\t\t\r\n<div id=\"instant-gallery-3926f18\" class=\"instant-gallery-wrapper\">\r\n\r\n\t\r\n\t<div id=\"instant-gallery-grid-3926f18\" class=\"galleryResponsive instant-gallery-type-grid qmg instant-gallery\">\r\n\t\t\t\t\t<div class=\"qmg-item filter-1\">\r\n\t\t\t\t<div class=\"qmg-caption\">\r\n\t\t\t\t\t<div class=\"qmg-caption-defaultWrap\">\r\n\t\t\t\t\t\t<img fetchpriority=\"high\" decoding=\"async\" width=\"1920\" height=\"1280\" src=\"https:\/\/marcottestyle.com\/wp-content\/uploads\/xstore\/xstore-placeholder.png\" class=\"attachment-full size-full wp-image-33536 lazyload lazyload-simple et-lazyload-fadeIn\" alt=\"\" sizes=\"(max-width: 1920px) 100vw, 1920px\" data-src=\"https:\/\/marcottestyle.com\/wp-content\/uploads\/2024\/09\/Marcottestyle-landelijke-slaapkamer-1a.jpg\" data-srcset=\"https:\/\/marcottestyle.com\/wp-content\/uploads\/2024\/09\/Marcottestyle-landelijke-slaapkamer-1a.jpg 1920w, https:\/\/marcottestyle.com\/wp-content\/uploads\/2024\/09\/Marcottestyle-landelijke-slaapkamer-1a-300x200.jpg 300w, https:\/\/marcottestyle.com\/wp-content\/uploads\/2024\/09\/Marcottestyle-landelijke-slaapkamer-1a-1024x683.jpg 1024w, https:\/\/marcottestyle.com\/wp-content\/uploads\/2024\/09\/Marcottestyle-landelijke-slaapkamer-1a-768x512.jpg 768w, https:\/\/marcottestyle.com\/wp-content\/uploads\/2024\/09\/Marcottestyle-landelijke-slaapkamer-1a-1536x1024.jpg 1536w, https:\/\/marcottestyle.com\/wp-content\/uploads\/2024\/09\/Marcottestyle-landelijke-slaapkamer-1a-1x1.jpg 1w, https:\/\/marcottestyle.com\/wp-content\/uploads\/2024\/09\/Marcottestyle-landelijke-slaapkamer-1a-10x7.jpg 10w\" title=\"\">\t\t\t\t\t<\/div>\r\n\t\t\t\t\t<div class=\"qmg-caption-activeWrap\">\r\n\t\t\t\t\t\t<div class=\"qmg-l-caption-alignCenter\">\r\n\t\t\t\t\t\t\t<div class=\"qmg-l-caption-body\">\r\n\t\t\t\t\t\t\t\t\t\t\t\t\t\t\t\t\t<div class=\"qmg-action-icons-wrapper\">\r\n\t\t\t\t\t\t\t\t\t\t\t\t\t\t\t\t\t\t\t\t\t<a href=\"#lightbox\" data-fancybox=\"gallery-3926f18\" data-type=\"image\" data-thumb=\"https:\/\/marcottestyle.com\/wp-content\/uploads\/2024\/09\/Marcottestyle-landelijke-slaapkamer-1a.jpg\" class=\"qmg-icon-lightbox\" data-caption=\"\" data-src=\"https:\/\/marcottestyle.com\/wp-content\/uploads\/2024\/09\/Marcottestyle-landelijke-slaapkamer-1a.jpg\" rel=\"nofollow\"><i aria-hidden=\"true\" class=\"et-icon et-zoom\"><\/i><\/a>\r\n\t\t\t\t\t\t\t\t\t\t\t\t\t\t\t\t\t\t\t\t\t\t\t\t\t\t\t\t\t<\/div>\r\n\t\t\t\t\t\t\t\t\t\t\t\t\t\t\t\t\t\t\t\t\t\t\t<\/div>\r\n\t\t\t\t\t\t<\/div>\r\n\t\t\t\t\t<\/div>\r\n\t\t\t\t<\/div>\r\n\t\t\t\t\t\t\t\t\t\t\t<\/div>\r\n\t\t\t\t\t<div class=\"qmg-item filter-1\">\r\n\t\t\t\t<div class=\"qmg-caption\">\r\n\t\t\t\t\t<div class=\"qmg-caption-defaultWrap\">\r\n\t\t\t\t\t\t<img decoding=\"async\" width=\"1920\" height=\"1280\" src=\"https:\/\/marcottestyle.com\/wp-content\/uploads\/xstore\/xstore-placeholder.png\" class=\"attachment-full size-full wp-image-10748 lazyload lazyload-simple et-lazyload-fadeIn\" alt=\"\" sizes=\"(max-width: 1920px) 100vw, 1920px\" data-src=\"https:\/\/marcottestyle.com\/wp-content\/uploads\/2019\/07\/Marcottestyle-moderne-keuken-wilrijk-15.jpg\" data-srcset=\"https:\/\/marcottestyle.com\/wp-content\/uploads\/2019\/07\/Marcottestyle-moderne-keuken-wilrijk-15.jpg 1920w, https:\/\/marcottestyle.com\/wp-content\/uploads\/2019\/07\/Marcottestyle-moderne-keuken-wilrijk-15-300x200.jpg 300w, https:\/\/marcottestyle.com\/wp-content\/uploads\/2019\/07\/Marcottestyle-moderne-keuken-wilrijk-15-768x512.jpg 768w, https:\/\/marcottestyle.com\/wp-content\/uploads\/2019\/07\/Marcottestyle-moderne-keuken-wilrijk-15-1024x683.jpg 1024w, https:\/\/marcottestyle.com\/wp-content\/uploads\/2019\/07\/Marcottestyle-moderne-keuken-wilrijk-15-1280x853.jpg 1280w\" title=\"\">\t\t\t\t\t<\/div>\r\n\t\t\t\t\t<div class=\"qmg-caption-activeWrap\">\r\n\t\t\t\t\t\t<div class=\"qmg-l-caption-alignCenter\">\r\n\t\t\t\t\t\t\t<div class=\"qmg-l-caption-body\">\r\n\t\t\t\t\t\t\t\t\t\t\t\t\t\t\t\t\t<div class=\"qmg-action-icons-wrapper\">\r\n\t\t\t\t\t\t\t\t\t\t\t\t\t\t\t\t\t\t\t\t\t<a href=\"#lightbox\" data-fancybox=\"gallery-3926f18\" data-type=\"image\" data-thumb=\"https:\/\/marcottestyle.com\/wp-content\/uploads\/2019\/07\/Marcottestyle-moderne-keuken-wilrijk-15.jpg\" class=\"qmg-icon-lightbox\" data-caption=\"\" data-src=\"https:\/\/marcottestyle.com\/wp-content\/uploads\/2019\/07\/Marcottestyle-moderne-keuken-wilrijk-15.jpg\" rel=\"nofollow\"><i aria-hidden=\"true\" class=\"et-icon et-zoom\"><\/i><\/a>\r\n\t\t\t\t\t\t\t\t\t\t\t\t\t\t\t\t\t\t\t\t\t\t\t\t\t\t\t\t\t<\/div>\r\n\t\t\t\t\t\t\t\t\t\t\t\t\t\t\t\t\t\t\t\t\t\t\t<\/div>\r\n\t\t\t\t\t\t<\/div>\r\n\t\t\t\t\t<\/div>\r\n\t\t\t\t<\/div>\r\n\t\t\t\t\t\t\t\t\t\t\t<\/div>\r\n\t\t\t\t\t<div class=\"qmg-item name\">\r\n\t\t\t\t<div class=\"qmg-caption\">\r\n\t\t\t\t\t<div class=\"qmg-caption-defaultWrap\">\r\n\t\t\t\t\t\t<img decoding=\"async\" width=\"1550\" height=\"1179\" src=\"https:\/\/marcottestyle.com\/wp-content\/uploads\/xstore\/xstore-placeholder.png\" class=\"attachment-full size-full wp-image-11883 lazyload lazyload-simple et-lazyload-fadeIn\" alt=\"\" sizes=\"(max-width: 1550px) 100vw, 1550px\" data-src=\"https:\/\/marcottestyle.com\/wp-content\/uploads\/2019\/10\/Marcottestyle-luxe-slaapkamer-4.jpg\" data-srcset=\"https:\/\/marcottestyle.com\/wp-content\/uploads\/2019\/10\/Marcottestyle-luxe-slaapkamer-4.jpg 1550w, https:\/\/marcottestyle.com\/wp-content\/uploads\/2019\/10\/Marcottestyle-luxe-slaapkamer-4-300x228.jpg 300w, https:\/\/marcottestyle.com\/wp-content\/uploads\/2019\/10\/Marcottestyle-luxe-slaapkamer-4-768x584.jpg 768w, https:\/\/marcottestyle.com\/wp-content\/uploads\/2019\/10\/Marcottestyle-luxe-slaapkamer-4-1024x779.jpg 1024w, https:\/\/marcottestyle.com\/wp-content\/uploads\/2019\/10\/Marcottestyle-luxe-slaapkamer-4-1280x974.jpg 1280w\" title=\"\">\t\t\t\t\t<\/div>\r\n\t\t\t\t\t<div class=\"qmg-caption-activeWrap\">\r\n\t\t\t\t\t\t<div class=\"qmg-l-caption-alignCenter\">\r\n\t\t\t\t\t\t\t<div class=\"qmg-l-caption-body\">\r\n\t\t\t\t\t\t\t\t\t\t\t\t\t\t\t\t\t<div class=\"qmg-action-icons-wrapper\">\r\n\t\t\t\t\t\t\t\t\t\t\t\t\t\t\t\t\t\t\t\t\t<a href=\"#lightbox\" data-fancybox=\"gallery-3926f18\" data-type=\"image\" data-thumb=\"https:\/\/marcottestyle.com\/wp-content\/uploads\/2019\/10\/Marcottestyle-luxe-slaapkamer-4.jpg\" class=\"qmg-icon-lightbox\" data-caption=\"\" data-src=\"https:\/\/marcottestyle.com\/wp-content\/uploads\/2019\/10\/Marcottestyle-luxe-slaapkamer-4.jpg\" rel=\"nofollow\"><i aria-hidden=\"true\" class=\"et-icon et-zoom\"><\/i><\/a>\r\n\t\t\t\t\t\t\t\t\t\t\t\t\t\t\t\t\t\t\t\t\t\t\t\t\t\t\t\t\t<\/div>\r\n\t\t\t\t\t\t\t\t\t\t\t\t\t\t\t\t\t\t\t\t\t\t\t<\/div>\r\n\t\t\t\t\t\t<\/div>\r\n\t\t\t\t\t<\/div>\r\n\t\t\t\t<\/div>\r\n\t\t\t\t\t\t\t\t\t\t\t<\/div>\r\n\t\t\t\t\t<div class=\"qmg-item name\">\r\n\t\t\t\t<div class=\"qmg-caption\">\r\n\t\t\t\t\t<div class=\"qmg-caption-defaultWrap\">\r\n\t\t\t\t\t\t<img loading=\"lazy\" decoding=\"async\" width=\"1920\" height=\"1280\" src=\"https:\/\/marcottestyle.com\/wp-content\/uploads\/xstore\/xstore-placeholder.png\" class=\"attachment-full size-full wp-image-32928 lazyload lazyload-simple et-lazyload-fadeIn\" alt=\"\" sizes=\"(max-width: 1920px) 100vw, 1920px\" data-src=\"https:\/\/marcottestyle.com\/wp-content\/uploads\/2024\/09\/Marcottestyle-badkamer_meisje-wilrijk-3-1.jpg\" data-srcset=\"https:\/\/marcottestyle.com\/wp-content\/uploads\/2024\/09\/Marcottestyle-badkamer_meisje-wilrijk-3-1.jpg 1920w, https:\/\/marcottestyle.com\/wp-content\/uploads\/2024\/09\/Marcottestyle-badkamer_meisje-wilrijk-3-1-300x200.jpg 300w, https:\/\/marcottestyle.com\/wp-content\/uploads\/2024\/09\/Marcottestyle-badkamer_meisje-wilrijk-3-1-1024x683.jpg 1024w, https:\/\/marcottestyle.com\/wp-content\/uploads\/2024\/09\/Marcottestyle-badkamer_meisje-wilrijk-3-1-768x512.jpg 768w, https:\/\/marcottestyle.com\/wp-content\/uploads\/2024\/09\/Marcottestyle-badkamer_meisje-wilrijk-3-1-1536x1024.jpg 1536w, https:\/\/marcottestyle.com\/wp-content\/uploads\/2024\/09\/Marcottestyle-badkamer_meisje-wilrijk-3-1-1x1.jpg 1w, https:\/\/marcottestyle.com\/wp-content\/uploads\/2024\/09\/Marcottestyle-badkamer_meisje-wilrijk-3-1-10x7.jpg 10w\" title=\"\">\t\t\t\t\t<\/div>\r\n\t\t\t\t\t<div class=\"qmg-caption-activeWrap\">\r\n\t\t\t\t\t\t<div class=\"qmg-l-caption-alignCenter\">\r\n\t\t\t\t\t\t\t<div class=\"qmg-l-caption-body\">\r\n\t\t\t\t\t\t\t\t\t\t\t\t\t\t\t\t\t<div class=\"qmg-action-icons-wrapper\">\r\n\t\t\t\t\t\t\t\t\t\t\t\t\t\t\t\t\t\t\t\t\t<a href=\"#lightbox\" data-fancybox=\"gallery-3926f18\" data-type=\"image\" data-thumb=\"https:\/\/marcottestyle.com\/wp-content\/uploads\/2024\/09\/Marcottestyle-badkamer_meisje-wilrijk-3-1.jpg\" class=\"qmg-icon-lightbox\" data-caption=\"\" data-src=\"https:\/\/marcottestyle.com\/wp-content\/uploads\/2024\/09\/Marcottestyle-badkamer_meisje-wilrijk-3-1.jpg\" rel=\"nofollow\"><i aria-hidden=\"true\" class=\"et-icon et-zoom\"><\/i><\/a>\r\n\t\t\t\t\t\t\t\t\t\t\t\t\t\t\t\t\t\t\t\t\t\t\t\t\t\t\t\t\t<\/div>\r\n\t\t\t\t\t\t\t\t\t\t\t\t\t\t\t\t\t\t\t\t\t\t\t<\/div>\r\n\t\t\t\t\t\t<\/div>\r\n\t\t\t\t\t<\/div>\r\n\t\t\t\t<\/div>\r\n\t\t\t\t\t\t\t\t\t\t\t<\/div>\r\n\t\t\t\t\t<div class=\"qmg-item name\">\r\n\t\t\t\t<div class=\"qmg-caption\">\r\n\t\t\t\t\t<div class=\"qmg-caption-defaultWrap\">\r\n\t\t\t\t\t\t<img loading=\"lazy\" decoding=\"async\" width=\"1920\" height=\"1280\" src=\"https:\/\/marcottestyle.com\/wp-content\/uploads\/xstore\/xstore-placeholder.png\" class=\"attachment-full size-full wp-image-33864 lazyload lazyload-simple et-lazyload-fadeIn\" alt=\"Op maat gemaakt interieurontwerp door interieurarchitect Wetteren \u2013 Marcotte Style\" sizes=\"(max-width: 1920px) 100vw, 1920px\" data-src=\"https:\/\/marcottestyle.com\/wp-content\/uploads\/2024\/09\/Marcottestyle-moderne-slaapkamer-ouders-wilrijk-1-1.jpg\" data-srcset=\"https:\/\/marcottestyle.com\/wp-content\/uploads\/2024\/09\/Marcottestyle-moderne-slaapkamer-ouders-wilrijk-1-1.jpg 1920w, https:\/\/marcottestyle.com\/wp-content\/uploads\/2024\/09\/Marcottestyle-moderne-slaapkamer-ouders-wilrijk-1-1-300x200.jpg 300w, https:\/\/marcottestyle.com\/wp-content\/uploads\/2024\/09\/Marcottestyle-moderne-slaapkamer-ouders-wilrijk-1-1-1024x683.jpg 1024w, https:\/\/marcottestyle.com\/wp-content\/uploads\/2024\/09\/Marcottestyle-moderne-slaapkamer-ouders-wilrijk-1-1-768x512.jpg 768w, https:\/\/marcottestyle.com\/wp-content\/uploads\/2024\/09\/Marcottestyle-moderne-slaapkamer-ouders-wilrijk-1-1-1536x1024.jpg 1536w, https:\/\/marcottestyle.com\/wp-content\/uploads\/2024\/09\/Marcottestyle-moderne-slaapkamer-ouders-wilrijk-1-1-1x1.jpg 1w, https:\/\/marcottestyle.com\/wp-content\/uploads\/2024\/09\/Marcottestyle-moderne-slaapkamer-ouders-wilrijk-1-1-10x7.jpg 10w\" title=\"\">\t\t\t\t\t<\/div>\r\n\t\t\t\t\t<div class=\"qmg-caption-activeWrap\">\r\n\t\t\t\t\t\t<div class=\"qmg-l-caption-alignCenter\">\r\n\t\t\t\t\t\t\t<div class=\"qmg-l-caption-body\">\r\n\t\t\t\t\t\t\t\t\t\t\t\t\t\t\t\t\t<div class=\"qmg-action-icons-wrapper\">\r\n\t\t\t\t\t\t\t\t\t\t\t\t\t\t\t\t\t\t\t\t\t<a href=\"#lightbox\" data-fancybox=\"gallery-3926f18\" data-type=\"image\" data-thumb=\"https:\/\/marcottestyle.com\/wp-content\/uploads\/2024\/09\/Marcottestyle-moderne-slaapkamer-ouders-wilrijk-1-1.jpg\" class=\"qmg-icon-lightbox\" data-caption=\"\" data-src=\"https:\/\/marcottestyle.com\/wp-content\/uploads\/2024\/09\/Marcottestyle-moderne-slaapkamer-ouders-wilrijk-1-1.jpg\" rel=\"nofollow\"><i aria-hidden=\"true\" class=\"et-icon et-zoom\"><\/i><\/a>\r\n\t\t\t\t\t\t\t\t\t\t\t\t\t\t\t\t\t\t\t\t\t\t\t\t\t\t\t\t\t<\/div>\r\n\t\t\t\t\t\t\t\t\t\t\t\t\t\t\t\t\t\t\t\t\t\t\t<\/div>\r\n\t\t\t\t\t\t<\/div>\r\n\t\t\t\t\t<\/div>\r\n\t\t\t\t<\/div>\r\n\t\t\t\t\t\t\t\t\t\t\t<\/div>\r\n\t\t\t\t\t<div class=\"qmg-item name\">\r\n\t\t\t\t<div class=\"qmg-caption\">\r\n\t\t\t\t\t<div class=\"qmg-caption-defaultWrap\">\r\n\t\t\t\t\t\t<img loading=\"lazy\" decoding=\"async\" width=\"1920\" height=\"1280\" src=\"https:\/\/marcottestyle.com\/wp-content\/uploads\/xstore\/xstore-placeholder.png\" class=\"attachment-full size-full wp-image-33836 lazyload lazyload-simple et-lazyload-fadeIn\" alt=\"Landelijke en moderne meubels in interieurproject Watermaal-Bosvoorde\" sizes=\"(max-width: 1920px) 100vw, 1920px\" data-src=\"https:\/\/marcottestyle.com\/wp-content\/uploads\/2024\/09\/Marcottestyle-moderne-keuken-wilrijk-20.jpg\" data-srcset=\"https:\/\/marcottestyle.com\/wp-content\/uploads\/2024\/09\/Marcottestyle-moderne-keuken-wilrijk-20.jpg 1920w, https:\/\/marcottestyle.com\/wp-content\/uploads\/2024\/09\/Marcottestyle-moderne-keuken-wilrijk-20-300x200.jpg 300w, https:\/\/marcottestyle.com\/wp-content\/uploads\/2024\/09\/Marcottestyle-moderne-keuken-wilrijk-20-1024x683.jpg 1024w, https:\/\/marcottestyle.com\/wp-content\/uploads\/2024\/09\/Marcottestyle-moderne-keuken-wilrijk-20-768x512.jpg 768w, https:\/\/marcottestyle.com\/wp-content\/uploads\/2024\/09\/Marcottestyle-moderne-keuken-wilrijk-20-1536x1024.jpg 1536w, https:\/\/marcottestyle.com\/wp-content\/uploads\/2024\/09\/Marcottestyle-moderne-keuken-wilrijk-20-1x1.jpg 1w, https:\/\/marcottestyle.com\/wp-content\/uploads\/2024\/09\/Marcottestyle-moderne-keuken-wilrijk-20-10x7.jpg 10w\" title=\"\">\t\t\t\t\t<\/div>\r\n\t\t\t\t\t<div class=\"qmg-caption-activeWrap\">\r\n\t\t\t\t\t\t<div class=\"qmg-l-caption-alignCenter\">\r\n\t\t\t\t\t\t\t<div class=\"qmg-l-caption-body\">\r\n\t\t\t\t\t\t\t\t\t\t\t\t\t\t\t\t\t<div class=\"qmg-action-icons-wrapper\">\r\n\t\t\t\t\t\t\t\t\t\t\t\t\t\t\t\t\t\t\t\t\t<a href=\"#lightbox\" data-fancybox=\"gallery-3926f18\" data-type=\"image\" data-thumb=\"https:\/\/marcottestyle.com\/wp-content\/uploads\/2024\/09\/Marcottestyle-moderne-keuken-wilrijk-20.jpg\" class=\"qmg-icon-lightbox\" data-caption=\"\" data-src=\"https:\/\/marcottestyle.com\/wp-content\/uploads\/2024\/09\/Marcottestyle-moderne-keuken-wilrijk-20.jpg\" rel=\"nofollow\"><i aria-hidden=\"true\" class=\"et-icon et-zoom\"><\/i><\/a>\r\n\t\t\t\t\t\t\t\t\t\t\t\t\t\t\t\t\t\t\t\t\t\t\t\t\t\t\t\t\t<\/div>\r\n\t\t\t\t\t\t\t\t\t\t\t\t\t\t\t\t\t\t\t\t\t\t\t<\/div>\r\n\t\t\t\t\t\t<\/div>\r\n\t\t\t\t\t<\/div>\r\n\t\t\t\t<\/div>\r\n\t\t\t\t\t\t\t\t\t\t\t<\/div>\r\n\t\t\t\t\t<div class=\"qmg-item name\">\r\n\t\t\t\t<div class=\"qmg-caption\">\r\n\t\t\t\t\t<div class=\"qmg-caption-defaultWrap\">\r\n\t\t\t\t\t\t<img loading=\"lazy\" decoding=\"async\" width=\"1920\" height=\"1280\" src=\"https:\/\/marcottestyle.com\/wp-content\/uploads\/xstore\/xstore-placeholder.png\" class=\"attachment-full size-full wp-image-33912 lazyload lazyload-simple et-lazyload-fadeIn\" alt=\"\" sizes=\"(max-width: 1920px) 100vw, 1920px\" data-src=\"https:\/\/marcottestyle.com\/wp-content\/uploads\/2024\/09\/Marcottestyle-modern-hal-wilrijk-3.jpg\" data-srcset=\"https:\/\/marcottestyle.com\/wp-content\/uploads\/2024\/09\/Marcottestyle-modern-hal-wilrijk-3.jpg 1920w, https:\/\/marcottestyle.com\/wp-content\/uploads\/2024\/09\/Marcottestyle-modern-hal-wilrijk-3-300x200.jpg 300w, https:\/\/marcottestyle.com\/wp-content\/uploads\/2024\/09\/Marcottestyle-modern-hal-wilrijk-3-1024x683.jpg 1024w, https:\/\/marcottestyle.com\/wp-content\/uploads\/2024\/09\/Marcottestyle-modern-hal-wilrijk-3-768x512.jpg 768w, https:\/\/marcottestyle.com\/wp-content\/uploads\/2024\/09\/Marcottestyle-modern-hal-wilrijk-3-1536x1024.jpg 1536w, https:\/\/marcottestyle.com\/wp-content\/uploads\/2024\/09\/Marcottestyle-modern-hal-wilrijk-3-1x1.jpg 1w, https:\/\/marcottestyle.com\/wp-content\/uploads\/2024\/09\/Marcottestyle-modern-hal-wilrijk-3-10x7.jpg 10w\" title=\"\">\t\t\t\t\t<\/div>\r\n\t\t\t\t\t<div class=\"qmg-caption-activeWrap\">\r\n\t\t\t\t\t\t<div class=\"qmg-l-caption-alignCenter\">\r\n\t\t\t\t\t\t\t<div class=\"qmg-l-caption-body\">\r\n\t\t\t\t\t\t\t\t\t\t\t\t\t\t\t\t\t<div class=\"qmg-action-icons-wrapper\">\r\n\t\t\t\t\t\t\t\t\t\t\t\t\t\t\t\t\t\t\t\t\t<a href=\"#lightbox\" data-fancybox=\"gallery-3926f18\" data-type=\"image\" data-thumb=\"https:\/\/marcottestyle.com\/wp-content\/uploads\/2024\/09\/Marcottestyle-modern-hal-wilrijk-3.jpg\" class=\"qmg-icon-lightbox\" data-caption=\"\" data-src=\"https:\/\/marcottestyle.com\/wp-content\/uploads\/2024\/09\/Marcottestyle-modern-hal-wilrijk-3.jpg\" rel=\"nofollow\"><i aria-hidden=\"true\" class=\"et-icon et-zoom\"><\/i><\/a>\r\n\t\t\t\t\t\t\t\t\t\t\t\t\t\t\t\t\t\t\t\t\t\t\t\t\t\t\t\t\t<\/div>\r\n\t\t\t\t\t\t\t\t\t\t\t\t\t\t\t\t\t\t\t\t\t\t\t<\/div>\r\n\t\t\t\t\t\t<\/div>\r\n\t\t\t\t\t<\/div>\r\n\t\t\t\t<\/div>\r\n\t\t\t\t\t\t\t\t\t\t\t<\/div>\r\n\t\t\t\t\t<div class=\"qmg-item name\">\r\n\t\t\t\t<div class=\"qmg-caption\">\r\n\t\t\t\t\t<div class=\"qmg-caption-defaultWrap\">\r\n\t\t\t\t\t\t<img loading=\"lazy\" decoding=\"async\" width=\"1920\" height=\"1280\" src=\"https:\/\/marcottestyle.com\/wp-content\/uploads\/xstore\/xstore-placeholder.png\" class=\"attachment-full size-full wp-image-33752 lazyload lazyload-simple et-lazyload-fadeIn\" alt=\"\" sizes=\"(max-width: 1920px) 100vw, 1920px\" data-src=\"https:\/\/marcottestyle.com\/wp-content\/uploads\/2024\/09\/Marcottestyle-modene-living-wilrijk-1.jpg\" data-srcset=\"https:\/\/marcottestyle.com\/wp-content\/uploads\/2024\/09\/Marcottestyle-modene-living-wilrijk-1.jpg 1920w, https:\/\/marcottestyle.com\/wp-content\/uploads\/2024\/09\/Marcottestyle-modene-living-wilrijk-1-300x200.jpg 300w, https:\/\/marcottestyle.com\/wp-content\/uploads\/2024\/09\/Marcottestyle-modene-living-wilrijk-1-1024x683.jpg 1024w, https:\/\/marcottestyle.com\/wp-content\/uploads\/2024\/09\/Marcottestyle-modene-living-wilrijk-1-768x512.jpg 768w, https:\/\/marcottestyle.com\/wp-content\/uploads\/2024\/09\/Marcottestyle-modene-living-wilrijk-1-1536x1024.jpg 1536w, https:\/\/marcottestyle.com\/wp-content\/uploads\/2024\/09\/Marcottestyle-modene-living-wilrijk-1-1x1.jpg 1w, https:\/\/marcottestyle.com\/wp-content\/uploads\/2024\/09\/Marcottestyle-modene-living-wilrijk-1-10x7.jpg 10w\" title=\"\">\t\t\t\t\t<\/div>\r\n\t\t\t\t\t<div class=\"qmg-caption-activeWrap\">\r\n\t\t\t\t\t\t<div class=\"qmg-l-caption-alignCenter\">\r\n\t\t\t\t\t\t\t<div class=\"qmg-l-caption-body\">\r\n\t\t\t\t\t\t\t\t\t\t\t\t\t\t\t\t\t<div class=\"qmg-action-icons-wrapper\">\r\n\t\t\t\t\t\t\t\t\t\t\t\t\t\t\t\t\t\t\t\t\t<a href=\"#lightbox\" data-fancybox=\"gallery-3926f18\" data-type=\"image\" data-thumb=\"https:\/\/marcottestyle.com\/wp-content\/uploads\/2024\/09\/Marcottestyle-modene-living-wilrijk-1.jpg\" class=\"qmg-icon-lightbox\" data-caption=\"\" data-src=\"https:\/\/marcottestyle.com\/wp-content\/uploads\/2024\/09\/Marcottestyle-modene-living-wilrijk-1.jpg\" rel=\"nofollow\"><i aria-hidden=\"true\" class=\"et-icon et-zoom\"><\/i><\/a>\r\n\t\t\t\t\t\t\t\t\t\t\t\t\t\t\t\t\t\t\t\t\t\t\t\t\t\t\t\t\t<\/div>\r\n\t\t\t\t\t\t\t\t\t\t\t\t\t\t\t\t\t\t\t\t\t\t\t<\/div>\r\n\t\t\t\t\t\t<\/div>\r\n\t\t\t\t\t<\/div>\r\n\t\t\t\t<\/div>\r\n\t\t\t\t\t\t\t\t\t\t\t<\/div>\r\n\t\t\t\t\t<div class=\"qmg-item name\">\r\n\t\t\t\t<div class=\"qmg-caption\">\r\n\t\t\t\t\t<div class=\"qmg-caption-defaultWrap\">\r\n\t\t\t\t\t\t<img loading=\"lazy\" decoding=\"async\" width=\"960\" height=\"1280\" src=\"https:\/\/marcottestyle.com\/wp-content\/uploads\/xstore\/xstore-placeholder.png\" class=\"attachment-full size-full wp-image-33768 lazyload lazyload-simple et-lazyload-fadeIn\" alt=\"\" sizes=\"(max-width: 960px) 100vw, 960px\" data-src=\"https:\/\/marcottestyle.com\/wp-content\/uploads\/2024\/09\/Marcottestyle-modene-living-wilrijk-13.jpg\" data-srcset=\"https:\/\/marcottestyle.com\/wp-content\/uploads\/2024\/09\/Marcottestyle-modene-living-wilrijk-13.jpg 960w, https:\/\/marcottestyle.com\/wp-content\/uploads\/2024\/09\/Marcottestyle-modene-living-wilrijk-13-225x300.jpg 225w, https:\/\/marcottestyle.com\/wp-content\/uploads\/2024\/09\/Marcottestyle-modene-living-wilrijk-13-768x1024.jpg 768w, https:\/\/marcottestyle.com\/wp-content\/uploads\/2024\/09\/Marcottestyle-modene-living-wilrijk-13-1x1.jpg 1w, https:\/\/marcottestyle.com\/wp-content\/uploads\/2024\/09\/Marcottestyle-modene-living-wilrijk-13-8x10.jpg 8w\" title=\"\">\t\t\t\t\t<\/div>\r\n\t\t\t\t\t<div class=\"qmg-caption-activeWrap\">\r\n\t\t\t\t\t\t<div class=\"qmg-l-caption-alignCenter\">\r\n\t\t\t\t\t\t\t<div class=\"qmg-l-caption-body\">\r\n\t\t\t\t\t\t\t\t\t\t\t\t\t\t\t\t\t<div class=\"qmg-action-icons-wrapper\">\r\n\t\t\t\t\t\t\t\t\t\t\t\t\t\t\t\t\t\t\t\t\t<a href=\"#lightbox\" data-fancybox=\"gallery-3926f18\" data-type=\"image\" data-thumb=\"https:\/\/marcottestyle.com\/wp-content\/uploads\/2024\/09\/Marcottestyle-modene-living-wilrijk-13.jpg\" class=\"qmg-icon-lightbox\" data-caption=\"\" data-src=\"https:\/\/marcottestyle.com\/wp-content\/uploads\/2024\/09\/Marcottestyle-modene-living-wilrijk-13.jpg\" rel=\"nofollow\"><i aria-hidden=\"true\" class=\"et-icon et-zoom\"><\/i><\/a>\r\n\t\t\t\t\t\t\t\t\t\t\t\t\t\t\t\t\t\t\t\t\t\t\t\t\t\t\t\t\t<\/div>\r\n\t\t\t\t\t\t\t\t\t\t\t\t\t\t\t\t\t\t\t\t\t\t\t<\/div>\r\n\t\t\t\t\t\t<\/div>\r\n\t\t\t\t\t<\/div>\r\n\t\t\t\t<\/div>\r\n\t\t\t\t\t\t\t\t\t\t\t<\/div>\r\n\t\t\t\t\t<div class=\"qmg-item name\">\r\n\t\t\t\t<div class=\"qmg-caption\">\r\n\t\t\t\t\t<div class=\"qmg-caption-defaultWrap\">\r\n\t\t\t\t\t\t<img loading=\"lazy\" decoding=\"async\" width=\"1920\" height=\"1280\" src=\"https:\/\/marcottestyle.com\/wp-content\/uploads\/xstore\/xstore-placeholder.png\" class=\"attachment-full size-full wp-image-10020 lazyload lazyload-simple et-lazyload-fadeIn\" alt=\"\" sizes=\"(max-width: 1920px) 100vw, 1920px\" data-src=\"https:\/\/marcottestyle.com\/wp-content\/uploads\/2018\/09\/Marcottestyle-wilrijk-badkamer-2.jpg\" data-srcset=\"https:\/\/marcottestyle.com\/wp-content\/uploads\/2018\/09\/Marcottestyle-wilrijk-badkamer-2.jpg 1920w, https:\/\/marcottestyle.com\/wp-content\/uploads\/2018\/09\/Marcottestyle-wilrijk-badkamer-2-300x200.jpg 300w, https:\/\/marcottestyle.com\/wp-content\/uploads\/2018\/09\/Marcottestyle-wilrijk-badkamer-2-768x512.jpg 768w, https:\/\/marcottestyle.com\/wp-content\/uploads\/2018\/09\/Marcottestyle-wilrijk-badkamer-2-1024x683.jpg 1024w, https:\/\/marcottestyle.com\/wp-content\/uploads\/2018\/09\/Marcottestyle-wilrijk-badkamer-2-1280x853.jpg 1280w\" title=\"\">\t\t\t\t\t<\/div>\r\n\t\t\t\t\t<div class=\"qmg-caption-activeWrap\">\r\n\t\t\t\t\t\t<div class=\"qmg-l-caption-alignCenter\">\r\n\t\t\t\t\t\t\t<div class=\"qmg-l-caption-body\">\r\n\t\t\t\t\t\t\t\t\t\t\t\t\t\t\t\t\t<div class=\"qmg-action-icons-wrapper\">\r\n\t\t\t\t\t\t\t\t\t\t\t\t\t\t\t\t\t\t\t\t\t<a href=\"#lightbox\" data-fancybox=\"gallery-3926f18\" data-type=\"image\" data-thumb=\"https:\/\/marcottestyle.com\/wp-content\/uploads\/2018\/09\/Marcottestyle-wilrijk-badkamer-2.jpg\" class=\"qmg-icon-lightbox\" data-caption=\"\" data-src=\"https:\/\/marcottestyle.com\/wp-content\/uploads\/2018\/09\/Marcottestyle-wilrijk-badkamer-2.jpg\" rel=\"nofollow\"><i aria-hidden=\"true\" class=\"et-icon et-zoom\"><\/i><\/a>\r\n\t\t\t\t\t\t\t\t\t\t\t\t\t\t\t\t\t\t\t\t\t\t\t\t\t\t\t\t\t<\/div>\r\n\t\t\t\t\t\t\t\t\t\t\t\t\t\t\t\t\t\t\t\t\t\t\t<\/div>\r\n\t\t\t\t\t\t<\/div>\r\n\t\t\t\t\t<\/div>\r\n\t\t\t\t<\/div>\r\n\t\t\t\t\t\t\t\t\t\t\t<\/div>\r\n\t\t\t\t\t<div class=\"qmg-item name\">\r\n\t\t\t\t<div class=\"qmg-caption\">\r\n\t\t\t\t\t<div class=\"qmg-caption-defaultWrap\">\r\n\t\t\t\t\t\t<img loading=\"lazy\" decoding=\"async\" width=\"1616\" height=\"1242\" src=\"https:\/\/marcottestyle.com\/wp-content\/uploads\/xstore\/xstore-placeholder.png\" class=\"attachment-full size-full wp-image-7134 lazyload lazyload-simple et-lazyload-fadeIn\" alt=\"\" sizes=\"(max-width: 1616px) 100vw, 1616px\" data-src=\"https:\/\/marcottestyle.com\/wp-content\/uploads\/2018\/02\/Marcottestyle-zuiderse-stijl-ibiza-2-1.jpg\" data-srcset=\"https:\/\/marcottestyle.com\/wp-content\/uploads\/2018\/02\/Marcottestyle-zuiderse-stijl-ibiza-2-1.jpg 1616w, https:\/\/marcottestyle.com\/wp-content\/uploads\/2018\/02\/Marcottestyle-zuiderse-stijl-ibiza-2-1-300x231.jpg 300w, https:\/\/marcottestyle.com\/wp-content\/uploads\/2018\/02\/Marcottestyle-zuiderse-stijl-ibiza-2-1-768x590.jpg 768w, https:\/\/marcottestyle.com\/wp-content\/uploads\/2018\/02\/Marcottestyle-zuiderse-stijl-ibiza-2-1-1024x787.jpg 1024w, https:\/\/marcottestyle.com\/wp-content\/uploads\/2018\/02\/Marcottestyle-zuiderse-stijl-ibiza-2-1-1280x984.jpg 1280w\" title=\"\">\t\t\t\t\t<\/div>\r\n\t\t\t\t\t<div class=\"qmg-caption-activeWrap\">\r\n\t\t\t\t\t\t<div class=\"qmg-l-caption-alignCenter\">\r\n\t\t\t\t\t\t\t<div class=\"qmg-l-caption-body\">\r\n\t\t\t\t\t\t\t\t\t\t\t\t\t\t\t\t\t<div class=\"qmg-action-icons-wrapper\">\r\n\t\t\t\t\t\t\t\t\t\t\t\t\t\t\t\t\t\t\t\t\t<a href=\"#lightbox\" data-fancybox=\"gallery-3926f18\" data-type=\"image\" data-thumb=\"https:\/\/marcottestyle.com\/wp-content\/uploads\/2018\/02\/Marcottestyle-zuiderse-stijl-ibiza-2-1.jpg\" class=\"qmg-icon-lightbox\" data-caption=\"\" data-src=\"https:\/\/marcottestyle.com\/wp-content\/uploads\/2018\/02\/Marcottestyle-zuiderse-stijl-ibiza-2-1.jpg\" rel=\"nofollow\"><i aria-hidden=\"true\" class=\"et-icon et-zoom\"><\/i><\/a>\r\n\t\t\t\t\t\t\t\t\t\t\t\t\t\t\t\t\t\t\t\t\t\t\t\t\t\t\t\t\t<\/div>\r\n\t\t\t\t\t\t\t\t\t\t\t\t\t\t\t\t\t\t\t\t\t\t\t<\/div>\r\n\t\t\t\t\t\t<\/div>\r\n\t\t\t\t\t<\/div>\r\n\t\t\t\t<\/div>\r\n\t\t\t\t\t\t\t\t\t\t\t<\/div>\r\n\t\t\t\t\t<div class=\"qmg-item name\">\r\n\t\t\t\t<div class=\"qmg-caption\">\r\n\t\t\t\t\t<div class=\"qmg-caption-defaultWrap\">\r\n\t\t\t\t\t\t<img loading=\"lazy\" decoding=\"async\" width=\"1920\" height=\"1279\" src=\"https:\/\/marcottestyle.com\/wp-content\/uploads\/elementor\/thumbs\/xstore-placeholder-qr6opeo1s0qegtoblme8fwwx05sffrax12w1o7mtuw.png\" class=\"attachment-full size-full wp-image-33804 lazyload lazyload-simple et-lazyload-fadeIn\" alt=\"\" sizes=\"(max-width: 1920px) 100vw, 1920px\" data-src=\"https:\/\/marcottestyle.com\/wp-content\/uploads\/2024\/09\/Marcottestyle-modern-8.jpg\" data-srcset=\"https:\/\/marcottestyle.com\/wp-content\/uploads\/2024\/09\/Marcottestyle-modern-8.jpg 1920w, https:\/\/marcottestyle.com\/wp-content\/uploads\/2024\/09\/Marcottestyle-modern-8-300x200.jpg 300w, https:\/\/marcottestyle.com\/wp-content\/uploads\/2024\/09\/Marcottestyle-modern-8-1024x682.jpg 1024w, https:\/\/marcottestyle.com\/wp-content\/uploads\/2024\/09\/Marcottestyle-modern-8-768x512.jpg 768w, https:\/\/marcottestyle.com\/wp-content\/uploads\/2024\/09\/Marcottestyle-modern-8-1536x1023.jpg 1536w, https:\/\/marcottestyle.com\/wp-content\/uploads\/2024\/09\/Marcottestyle-modern-8-1x1.jpg 1w, https:\/\/marcottestyle.com\/wp-content\/uploads\/2024\/09\/Marcottestyle-modern-8-10x7.jpg 10w\" title=\"\">\t\t\t\t\t<\/div>\r\n\t\t\t\t\t<div class=\"qmg-caption-activeWrap\">\r\n\t\t\t\t\t\t<div class=\"qmg-l-caption-alignCenter\">\r\n\t\t\t\t\t\t\t<div class=\"qmg-l-caption-body\">\r\n\t\t\t\t\t\t\t\t\t\t\t\t\t\t\t\t\t<div class=\"qmg-action-icons-wrapper\">\r\n\t\t\t\t\t\t\t\t\t\t\t\t\t\t\t\t\t\t\t\t\t<a href=\"#lightbox\" data-fancybox=\"gallery-3926f18\" data-type=\"image\" data-thumb=\"https:\/\/marcottestyle.com\/wp-content\/uploads\/2024\/09\/Marcottestyle-modern-8.jpg\" class=\"qmg-icon-lightbox\" data-caption=\"\" data-src=\"https:\/\/marcottestyle.com\/wp-content\/uploads\/2024\/09\/Marcottestyle-modern-8.jpg\" rel=\"nofollow\"><i aria-hidden=\"true\" class=\"et-icon et-zoom\"><\/i><\/a>\r\n\t\t\t\t\t\t\t\t\t\t\t\t\t\t\t\t\t\t\t\t\t\t\t\t\t\t\t\t\t<\/div>\r\n\t\t\t\t\t\t\t\t\t\t\t\t\t\t\t\t\t\t\t\t\t\t\t<\/div>\r\n\t\t\t\t\t\t<\/div>\r\n\t\t\t\t\t<\/div>\r\n\t\t\t\t<\/div>\r\n\t\t\t\t\t\t\t\t\t\t\t<\/div>\r\n\t\t\t\t\t<div class=\"qmg-item name\">\r\n\t\t\t\t<div class=\"qmg-caption\">\r\n\t\t\t\t\t<div class=\"qmg-caption-defaultWrap\">\r\n\t\t\t\t\t\t<img loading=\"lazy\" decoding=\"async\" width=\"1920\" height=\"1150\" src=\"https:\/\/marcottestyle.com\/wp-content\/uploads\/elementor\/thumbs\/xstore-placeholder-qr6opeo1z1c51ulu0h587qzupipm7wauct57xk9l7s.png\" class=\"attachment-full size-full wp-image-34088 lazyload lazyload-simple et-lazyload-fadeIn\" alt=\"\" sizes=\"(max-width: 1920px) 100vw, 1920px\" data-src=\"https:\/\/marcottestyle.com\/wp-content\/uploads\/2024\/09\/Marcottestyle-slaapkamers.22.jpg\" data-srcset=\"https:\/\/marcottestyle.com\/wp-content\/uploads\/2024\/09\/Marcottestyle-slaapkamers.22.jpg 1920w, https:\/\/marcottestyle.com\/wp-content\/uploads\/2024\/09\/Marcottestyle-slaapkamers.22-300x180.jpg 300w, https:\/\/marcottestyle.com\/wp-content\/uploads\/2024\/09\/Marcottestyle-slaapkamers.22-1024x613.jpg 1024w, https:\/\/marcottestyle.com\/wp-content\/uploads\/2024\/09\/Marcottestyle-slaapkamers.22-768x460.jpg 768w, https:\/\/marcottestyle.com\/wp-content\/uploads\/2024\/09\/Marcottestyle-slaapkamers.22-1536x920.jpg 1536w, https:\/\/marcottestyle.com\/wp-content\/uploads\/2024\/09\/Marcottestyle-slaapkamers.22-1x1.jpg 1w, https:\/\/marcottestyle.com\/wp-content\/uploads\/2024\/09\/Marcottestyle-slaapkamers.22-10x6.jpg 10w\" title=\"\">\t\t\t\t\t<\/div>\r\n\t\t\t\t\t<div class=\"qmg-caption-activeWrap\">\r\n\t\t\t\t\t\t<div class=\"qmg-l-caption-alignCenter\">\r\n\t\t\t\t\t\t\t<div class=\"qmg-l-caption-body\">\r\n\t\t\t\t\t\t\t\t\t\t\t\t\t\t\t\t\t<div class=\"qmg-action-icons-wrapper\">\r\n\t\t\t\t\t\t\t\t\t\t\t\t\t\t\t\t\t\t\t\t\t<a href=\"#lightbox\" data-fancybox=\"gallery-3926f18\" data-type=\"image\" data-thumb=\"https:\/\/marcottestyle.com\/wp-content\/uploads\/2024\/09\/Marcottestyle-slaapkamers.22.jpg\" class=\"qmg-icon-lightbox\" data-caption=\"\" data-src=\"https:\/\/marcottestyle.com\/wp-content\/uploads\/2024\/09\/Marcottestyle-slaapkamers.22.jpg\" rel=\"nofollow\"><i aria-hidden=\"true\" class=\"et-icon et-zoom\"><\/i><\/a>\r\n\t\t\t\t\t\t\t\t\t\t\t\t\t\t\t\t\t\t\t\t\t\t\t\t\t\t\t\t\t<\/div>\r\n\t\t\t\t\t\t\t\t\t\t\t\t\t\t\t\t\t\t\t\t\t\t\t<\/div>\r\n\t\t\t\t\t\t<\/div>\r\n\t\t\t\t\t<\/div>\r\n\t\t\t\t<\/div>\r\n\t\t\t\t\t\t\t\t\t\t\t<\/div>\r\n\t\t\t\t\t<div class=\"qmg-item name\">\r\n\t\t\t\t<div class=\"qmg-caption\">\r\n\t\t\t\t\t<div class=\"qmg-caption-defaultWrap\">\r\n\t\t\t\t\t\t<img loading=\"lazy\" decoding=\"async\" width=\"1920\" height=\"1280\" src=\"https:\/\/marcottestyle.com\/wp-content\/uploads\/xstore\/xstore-placeholder.png\" class=\"attachment-full size-full wp-image-4727 lazyload lazyload-simple et-lazyload-fadeIn\" alt=\"\" sizes=\"(max-width: 1920px) 100vw, 1920px\" data-src=\"https:\/\/marcottestyle.com\/wp-content\/uploads\/2018\/02\/Marcottestyle-landelijke-keuken-kapellen-1.jpg\" data-srcset=\"https:\/\/marcottestyle.com\/wp-content\/uploads\/2018\/02\/Marcottestyle-landelijke-keuken-kapellen-1.jpg 1920w, https:\/\/marcottestyle.com\/wp-content\/uploads\/2018\/02\/Marcottestyle-landelijke-keuken-kapellen-1-300x200.jpg 300w, https:\/\/marcottestyle.com\/wp-content\/uploads\/2018\/02\/Marcottestyle-landelijke-keuken-kapellen-1-768x512.jpg 768w, https:\/\/marcottestyle.com\/wp-content\/uploads\/2018\/02\/Marcottestyle-landelijke-keuken-kapellen-1-1024x683.jpg 1024w, https:\/\/marcottestyle.com\/wp-content\/uploads\/2018\/02\/Marcottestyle-landelijke-keuken-kapellen-1-1280x853.jpg 1280w\" title=\"\">\t\t\t\t\t<\/div>\r\n\t\t\t\t\t<div class=\"qmg-caption-activeWrap\">\r\n\t\t\t\t\t\t<div class=\"qmg-l-caption-alignCenter\">\r\n\t\t\t\t\t\t\t<div class=\"qmg-l-caption-body\">\r\n\t\t\t\t\t\t\t\t\t\t\t\t\t\t\t\t\t<div class=\"qmg-action-icons-wrapper\">\r\n\t\t\t\t\t\t\t\t\t\t\t\t\t\t\t\t\t\t\t\t\t<a href=\"#lightbox\" data-fancybox=\"gallery-3926f18\" data-type=\"image\" data-thumb=\"https:\/\/marcottestyle.com\/wp-content\/uploads\/2018\/02\/Marcottestyle-landelijke-keuken-kapellen-1.jpg\" class=\"qmg-icon-lightbox\" data-caption=\"\" data-src=\"https:\/\/marcottestyle.com\/wp-content\/uploads\/2018\/02\/Marcottestyle-landelijke-keuken-kapellen-1.jpg\" rel=\"nofollow\"><i aria-hidden=\"true\" class=\"et-icon et-zoom\"><\/i><\/a>\r\n\t\t\t\t\t\t\t\t\t\t\t\t\t\t\t\t\t\t\t\t\t\t\t\t\t\t\t\t\t<\/div>\r\n\t\t\t\t\t\t\t\t\t\t\t\t\t\t\t\t\t\t\t\t\t\t\t<\/div>\r\n\t\t\t\t\t\t<\/div>\r\n\t\t\t\t\t<\/div>\r\n\t\t\t\t<\/div>\r\n\t\t\t\t\t\t\t\t\t\t\t<\/div>\r\n\t\t\t<\/div>\r\n\r\n\t\r\n<\/div>\r\n\t\t\t\t<\/div>\n\t\t\t\t<\/div>\n\t\t\t\t\t<\/div>\n\t\t\t\t<\/div>\n\t\t<div class=\"elementor-element elementor-element-d2b9306 e-flex e-con-boxed e-con e-parent\" data-id=\"d2b9306\" data-element_type=\"container\" data-e-type=\"container\" data-settings=\"{&quot;_ha_eqh_enable&quot;:false}\">\n\t\t\t\t\t<div class=\"e-con-inner\">\n\t\t\t\t<div class=\"elementor-element elementor-element-0b5ed64 elementor-align-left elementor-widget elementor-widget-etheme_advanced_headline\" data-id=\"0b5ed64\" data-element_type=\"widget\" data-e-type=\"widget\" data-widget_type=\"etheme_advanced_headline.default\">\n\t\t\t\t<div class=\"elementor-widget-container\">\n\t\t\t\t\t        \n        <div class=\"etheme-a-h-wrapper\">\n        \n            \n\t\t\t\n        <h2 class=\"etheme-advanced-headline etheme-advanced-headline-mask\">\n\n            Eine Innenraumgestaltung nach Ihren W\u00fcnschen\n        <\/h2>\n\t\t\n                    \n        <\/div>\n        \n\t\t\t\t\t\t<\/div>\n\t\t\t\t<\/div>\n\t\t\t\t\t<\/div>\n\t\t\t\t<\/div>\n\t\t<div class=\"elementor-element elementor-element-348bbd9 e-flex e-con-boxed e-con e-parent\" data-id=\"348bbd9\" data-element_type=\"container\" data-e-type=\"container\" data-settings=\"{&quot;_ha_eqh_enable&quot;:false}\">\n\t\t\t\t\t<div class=\"e-con-inner\">\n\t\t\t\t<div class=\"elementor-element elementor-element-bba0e8f elementor-widget elementor-widget-text-editor\" data-id=\"bba0e8f\" data-element_type=\"widget\" data-e-type=\"widget\" data-widget_type=\"text-editor.default\">\n\t\t\t\t<div class=\"elementor-widget-container\">\n\t\t\t\t\t\t\t\t\t<p>Eine Designer-Einrichtung von Marcotte Style beginnt mit einem Sondierungsgespr\u00e4ch zwischen Ihnen und unserem Innenarchitekten.<br \/>\nHier skizzieren wir zun\u00e4chst die Situation.<br \/>\nIn was f\u00fcr einer Wohnung leben Sie, was m\u00f6chten Sie ver\u00e4ndern, welcher Stil passt zu Ihnen und wie hoch ist Ihr Budget?<br \/>\nAuf der Grundlage all dieser Informationen machen wir uns f\u00fcr Sie an die Arbeit, um eine sch\u00f6ne Designer-Einrichtung zu entwerfen.<br \/>\nDazu verwenden wir eine architektonische Datei, wundersch\u00f6ne 3D-Projektionen, professionelle CAD-Pl\u00e4ne und Fotos von allen ausgew\u00e4hlten Objekten.<br \/>\nSo k\u00f6nnen Sie sich schon im Voraus ein klares Bild vom Endergebnis machen.     <\/p>\n\t\t\t\t\t\t\t\t<\/div>\n\t\t\t\t<\/div>\n\t\t\t\t\t<\/div>\n\t\t\t\t<\/div>\n\t\t<div class=\"elementor-element elementor-element-3c3c681 e-flex e-con-boxed e-con e-parent\" data-id=\"3c3c681\" data-element_type=\"container\" data-e-type=\"container\" data-settings=\"{&quot;_ha_eqh_enable&quot;:false}\">\n\t\t\t\t\t<div class=\"e-con-inner\">\n\t\t\t\t<div class=\"elementor-element elementor-element-56448fc elementor-align-left elementor-widget elementor-widget-etheme_advanced_headline\" data-id=\"56448fc\" data-element_type=\"widget\" data-e-type=\"widget\" data-widget_type=\"etheme_advanced_headline.default\">\n\t\t\t\t<div class=\"elementor-widget-container\">\n\t\t\t\t\t        \n        <div class=\"etheme-a-h-wrapper\">\n        \n            \n\t\t\t\n        <h2 class=\"etheme-advanced-headline etheme-advanced-headline-mask\">\n\n            Eine Inneneinrichtung mit Stil\n        <\/h2>\n\t\t\n                    \n        <\/div>\n        \n\t\t\t\t\t\t<\/div>\n\t\t\t\t<\/div>\n\t\t\t\t\t<\/div>\n\t\t\t\t<\/div>\n\t\t<div class=\"elementor-element elementor-element-212dbb6 e-flex e-con-boxed e-con e-parent\" data-id=\"212dbb6\" data-element_type=\"container\" data-e-type=\"container\" data-settings=\"{&quot;_ha_eqh_enable&quot;:false}\">\n\t\t\t\t\t<div class=\"e-con-inner\">\n\t\t\t\t<div class=\"elementor-element elementor-element-97b240e elementor-widget elementor-widget-text-editor\" data-id=\"97b240e\" data-element_type=\"widget\" data-e-type=\"widget\" data-widget_type=\"text-editor.default\">\n\t\t\t\t<div class=\"elementor-widget-container\">\n\t\t\t\t\t\t\t\t\t<p>Das Wichtigste bei einer Inneneinrichtung von Marcotte Style ist die Harmonie.<br \/>\nDeshalb bem\u00fchen wir uns, mit unserer Inneneinrichtung in wirklich jedem Raum Ihres Hauses die gleiche Atmosph\u00e4re zu schaffen.<br \/>\nAuf diese Weise bildet alles eine sch\u00f6ne Einheit und Sie k\u00f6nnen sich wirklich an einem pr\u00e4chtigen Interieur erfreuen.<br \/>\nDas ist es, was wir stilvoll gestalten nennen!   <\/p>\n\t\t\t\t\t\t\t\t<\/div>\n\t\t\t\t<\/div>\n\t\t\t\t\t<\/div>\n\t\t\t\t<\/div>\n\t\t<div class=\"elementor-element elementor-element-e09333a e-flex e-con-boxed e-con e-parent\" data-id=\"e09333a\" data-element_type=\"container\" data-e-type=\"container\" data-settings=\"{&quot;_ha_eqh_enable&quot;:false}\">\n\t\t\t\t\t<div class=\"e-con-inner\">\n\t\t\t\t<div class=\"elementor-element elementor-element-9d91a7b elementor-widget elementor-widget-shortcode\" data-id=\"9d91a7b\" data-element_type=\"widget\" data-e-type=\"widget\" data-widget_type=\"shortcode.default\">\n\t\t\t\t<div class=\"elementor-widget-container\">\n\t\t\t\t\t\t\t<div class=\"elementor-shortcode\">ngg_shortcode_0_placeholder<\/div>\n\t\t\t\t\t\t<\/div>\n\t\t\t\t<\/div>\n\t\t\t\t<div class=\"elementor-element elementor-element-7d892e0 elementor-widget elementor-widget-spacer\" data-id=\"7d892e0\" data-element_type=\"widget\" data-e-type=\"widget\" data-widget_type=\"spacer.default\">\n\t\t\t\t<div class=\"elementor-widget-container\">\n\t\t\t\t\t\t\t<div class=\"elementor-spacer\">\n\t\t\t<div class=\"elementor-spacer-inner\"><\/div>\n\t\t<\/div>\n\t\t\t\t\t\t<\/div>\n\t\t\t\t<\/div>\n\t\t\t\t\t<\/div>\n\t\t\t\t<\/div>\n\t\t<div class=\"elementor-element elementor-element-19cb80d e-flex e-con-boxed e-con e-parent\" data-id=\"19cb80d\" data-element_type=\"container\" data-e-type=\"container\" data-settings=\"{&quot;_ha_eqh_enable&quot;:false}\">\n\t\t\t\t\t<div class=\"e-con-inner\">\n\t\t\t\t<div class=\"elementor-element elementor-element-f6b7ebd elementor-widget elementor-widget-text-editor\" data-id=\"f6b7ebd\" data-element_type=\"widget\" data-e-type=\"widget\" data-widget_type=\"text-editor.default\">\n\t\t\t\t<div class=\"elementor-widget-container\">\n\t\t\t\t\t\t\t\t\t<p>G\u00f6nnen Sie sich eine Inneneinrichtung von Marcotte Style. <span style=\"text-decoration: underline;\"><span style=\"color: #96825b; text-decoration: underline;\"><a style=\"color: #96825b; text-decoration: underline;\" href=\"https:\/\/marcottestyle.com\/portfolio\/\">Werfen Sie einen Blick auf einige unserer Realisierungen<\/a><\/span><\/span> oder <span style=\"text-decoration: underline;\"><span style=\"color: #96825b; text-decoration: underline;\"><a style=\"color: #96825b; text-decoration: underline;\" href=\"https:\/\/marcottestyle.com\/pers-en-tv\/\">werfen Sie einen Blick auf unsere Presseartikel<\/a>!<\/span><\/span><\/p>\n\t\t\t\t\t\t\t\t<\/div>\n\t\t\t\t<\/div>\n\t\t\t\t\t<\/div>\n\t\t\t\t<\/div>\n\t\t<div class=\"elementor-element elementor-element-7c81b8b e-flex e-con-boxed e-con e-parent\" data-id=\"7c81b8b\" data-element_type=\"container\" data-e-type=\"container\" data-settings=\"{&quot;_ha_eqh_enable&quot;:false}\">\n\t\t\t\t\t<div class=\"e-con-inner\">\n\t\t\t\t<div class=\"elementor-element elementor-element-d808889 elementor-widget elementor-widget-text-editor\" data-id=\"d808889\" data-element_type=\"widget\" data-e-type=\"widget\" data-widget_type=\"text-editor.default\">\n\t\t\t\t<div class=\"elementor-widget-container\">\n\t\t\t\t\t\t\t\t\t<p>Sind Sie auf der Suche nach einer neuen Inneneinrichtung f\u00fcr Ihr Zuhause?<br \/>\nEntscheiden Sie sich f\u00fcr die Qualit\u00e4ts- und Designer-Inneneinrichtung von Marcotte Style.<br \/>\nInnenarchitektur nach Ma\u00df!  <\/p>\n\t\t\t\t\t\t\t\t<\/div>\n\t\t\t\t<\/div>\n\t\t\t\t\t<\/div>\n\t\t\t\t<\/div>\n\t\t\t\t<\/div>\n\t\t","protected":false},"excerpt":{"rendered":"<p>[rev_slider alias=&#8221;binnenhuisinrichting-1-1&#8243; slidertitle=&#8221;Binnenhuisinrichting 1 1&#8243;][\/rev_slider] Sind Sie auf der Suche nach einer neuen Inneneinrichtung f\u00fcr Ihr Zuhause? W\u00e4hlen Sie die Qualit\u00e4t von Innenarchitektur von Marcotte&#8230;<\/p>\n","protected":false},"author":2,"featured_media":0,"parent":0,"menu_order":35,"comment_status":"closed","ping_status":"closed","template":"elementor_header_footer","meta":{"ngg_post_thumbnail":0,"footnotes":""},"class_list":["post-13276","page","type-page","status-publish","hentry"],"_links":{"self":[{"href":"https:\/\/marcottestyle.com\/de\/wp-json\/wp\/v2\/pages\/13276","targetHints":{"allow":["GET"]}}],"collection":[{"href":"https:\/\/marcottestyle.com\/de\/wp-json\/wp\/v2\/pages"}],"about":[{"href":"https:\/\/marcottestyle.com\/de\/wp-json\/wp\/v2\/types\/page"}],"author":[{"embeddable":true,"href":"https:\/\/marcottestyle.com\/de\/wp-json\/wp\/v2\/users\/2"}],"replies":[{"embeddable":true,"href":"https:\/\/marcottestyle.com\/de\/wp-json\/wp\/v2\/comments?post=13276"}],"version-history":[{"count":5,"href":"https:\/\/marcottestyle.com\/de\/wp-json\/wp\/v2\/pages\/13276\/revisions"}],"predecessor-version":[{"id":39415,"href":"https:\/\/marcottestyle.com\/de\/wp-json\/wp\/v2\/pages\/13276\/revisions\/39415"}],"wp:attachment":[{"href":"https:\/\/marcottestyle.com\/de\/wp-json\/wp\/v2\/media?parent=13276"}],"curies":[{"name":"wp","href":"https:\/\/api.w.org\/{rel}","templated":true}]}}